{"id":3,"date":"2026-04-10T20:06:56","date_gmt":"2026-04-10T18:06:56","guid":{"rendered":"https:\/\/example.com\/?page_id=3"},"modified":"2026-04-15T22:12:22","modified_gmt":"2026-04-15T20:12:22","slug":"polityka-prywatnosci","status":"publish","type":"page","link":"https:\/\/gresoutlet24.com\/?page_id=3","title":{"rendered":"Polityka prywatno\u015bci"},"content":{"rendered":"\n<h2 class=\"wp-block-heading\">DROGI U\u017bYTKOWNIKU!<\/h2>\n\n\n\n<p>Dbamy o Twoj\u0105 prywatno\u015b\u0107 i chcemy, aby\u015b w czasie korzystania z naszych us\u0142ug czu\u0142 si\u0119 komfortowo. Dlatego te\u017c poni\u017cej prezentujemy Ci najwa\u017cniejsze informacje o zasadach przetwarzania przez nas Twoich danych osobowych oraz plikach cookies, kt\u00f3re s\u0105 wykorzystywane przez nasz Sklep. Informacje te zosta\u0142y przygotowane z uwzgl\u0119dnieniem RODO, czyli og\u00f3lnego rozporz\u0105dzenia o ochronie danych.<br><\/p>\n\n\n\n<h2 class=\"wp-block-heading\">ADMINISTRATOR DANYCH OSOBOWYCH<\/h2>\n\n\n\n<p>PURE OCEAN SP\u00d3\u0141KA Z OGRANICZON\u0104 ODPOWIEDZIALNO\u015aCI\u0104 z siedzib\u0105 pod adresem ul. Gda\u0144ska 36 A, 84-300 L\u0119bork, wpisana do Krajowego Rejestru S\u0105dowego &#8211; rejestru przedsi\u0119biorc\u00f3w przez S\u0104D REJONOWY GDA\u0143SK-P\u00d3\u0141NOC W GDA\u0143SKU, VIII WYDZIA\u0141 GOSPODARCZY KRAJOWEGO REJESTRU S\u0104DOWEGO, pod nr KRS 0000959389, NIP 8411732016, nr REGON 52147015900000.<\/p>\n\n\n\n<p>Je\u015bli chcesz skontaktowa\u0107 si\u0119 z nami w zwi\u0105zku z przetwarzaniem przez nas Twoich danych osobowych, napisz do nas na adres e-mail: biuro@pureocean.pl.<\/p>\n\n\n\n<h2 class=\"wp-block-heading\">TWOJE UPRAWNIENIA<\/h2>\n\n\n\n<p>Przys\u0142uguje Ci prawo \u017c\u0105dania:<\/p>\n\n\n\n<ul class=\"wp-block-list\">\n<li>dost\u0119pu do Twoich danych osobowych, w tym uzyskania kopii Twoich danych (art. 15 RODO lub &#8211; je\u015bli ma to zastosowanie &#8211; art. 13 ust. 1 lit. f RODO),<\/li>\n\n\n\n<li>ich sprostowania (art. 16 RODO),<\/li>\n\n\n\n<li>usuni\u0119cia (art. 17 RODO),<\/li>\n\n\n\n<li>ograniczenia przetwarzania (art. 18 RODO),<\/li>\n\n\n\n<li>przeniesienia danych do innego administratora (art. 20 RODO).<\/li>\n<\/ul>\n\n\n\n<p>A tak\u017ce prawo:<\/p>\n\n\n\n<ul class=\"wp-block-list\">\n<li>wniesienia w dowolnym momencie sprzeciwu wobec przetwarzania Twoich danych:\n<ul class=\"wp-block-list\">\n<li>z przyczyn zwi\u0105zanych z Twoj\u0105 szczeg\u00f3ln\u0105 sytuacj\u0105 \u2013 wobec przetwarzania dotycz\u0105cych Ciebie danych osobowych, opartego na art. 6 ust. 1 lit. f RODO (tj. na realizowanych przez nas prawnie uzasadnionych interesach), w tym profilowania (art. 21 ust. 1 RODO);<\/li>\n\n\n\n<li>je\u017celi dane osobowe s\u0105 przetwarzane na potrzeby marketingu bezpo\u015bredniego, w tym profilowania, w zakresie, w jakim przetwarzanie jest zwi\u0105zane z takim marketingiem bezpo\u015brednim (art. 21 ust. 2 RODO).<\/li>\n<\/ul>\n<\/li>\n<\/ul>\n\n\n\n<p>Skontaktuj si\u0119 z nami, je\u015bli chcesz skorzysta\u0107 ze swoich praw. Sprzeciw w odniesieniu do wykorzystywania przez nas plik\u00f3w cookies (o kt\u00f3rych przeczytasz poni\u017cej) mo\u017cesz wyrazi\u0107 zw\u0142aszcza za pomoc\u0105 odpowiednich ustawie\u0144 przegl\u0105darki.<\/p>\n\n\n\n<p>Je\u015bli uznasz, \u017ce Twoje dane s\u0105 przetwarzane niezgodnie z prawem, mo\u017cesz z\u0142o\u017cy\u0107 skarg\u0119 do Prezesa Urz\u0119du Ochrony Danych Osobowych.<\/p>\n\n\n\n<h2 class=\"wp-block-heading\">DANE OSOBOWE I PRYWATNO\u015a\u0106<\/h2>\n\n\n\n<p>Poni\u017cej znajdziesz szczeg\u00f3\u0142owe informacje na temat przetwarzania Twoich danych w zale\u017cno\u015bci od podejmowanych przez Ciebie dzia\u0142a\u0144.<\/p>\n\n\n\n<h3 class=\"wp-block-heading\"><strong>1. Z\u0142o\u017cenie zam\u00f3wienia w Sklepie &#8211; cz. 1<\/strong><\/h3>\n\n\n\n<figure class=\"wp-block-table\"><table class=\"has-fixed-layout\"><tbody><tr><td colspan=\"2\"><strong>W jakim celu?<\/strong><\/td><\/tr><tr><td colspan=\"2\">realizacja Twojego zam\u00f3wienia<\/td><\/tr><tr><td colspan=\"2\"><strong>Na jakiej podstawie?<\/strong><\/td><\/tr><tr><td>umowa sprzeda\u017cy (art. 6 ust. 1 lit. b RODO)<\/td><td>obowi\u0105zek prawny, zwi\u0105zany z rachunkowo\u015bci\u0105, zobowi\u0105zuj\u0105cy nas do przetwarzania Twoich danych osobowych (art. 6 ust. 1 lit. c RODO)<\/td><\/tr><tr><td colspan=\"2\"><strong>Jak d\u0142ugo?<\/strong><\/td><\/tr><tr><td>przez okres obowi\u0105zywania wy\u017cej wymienionej umowy<\/td><td>do momentu wyga\u015bni\u0119cia ci\u0105\u017c\u0105cego na nas obowi\u0105zku prawnego, zwi\u0105zanego z rachunkowo\u015bci\u0105<\/td><\/tr><tr><td colspan=\"2\">ponadto, Twoje dane b\u0119d\u0105 przetwarzane do up\u0142ywu okresu, w kt\u00f3rym mo\u017cliwe jest dochodzenie roszcze\u0144 \u2013 przez Ciebie lub przez nas(wi\u0119cej informacji na ten temat znajdziesz w ostatniej tabeli tej sekcji)<\/td><\/tr><tr><td colspan=\"2\"><strong>Co si\u0119 stanie, je\u015bli nie podasz danych?<\/strong><\/td><\/tr><tr><td colspan=\"2\">nie b\u0119dziesz mie\u0107 mo\u017cliwo\u015bci z\u0142o\u017cenia zam\u00f3wienia<\/td><\/tr><\/tbody><\/table><\/figure>\n\n\n\n<h3 class=\"wp-block-heading\"><strong>2. Z\u0142o\u017cenie zam\u00f3wienia w Sklepie &#8211; cz. 2<\/strong><\/h3>\n\n\n\n<figure class=\"wp-block-table\"><table class=\"has-fixed-layout\"><tbody><tr><td colspan=\"2\"><strong>W jakim celu?<\/strong><\/td><\/tr><tr><td colspan=\"2\">dostosowanie Sklepu do potrzeb U\u017cytkownik\u00f3w, a tak\u017ce polepszenie jako\u015bci \u015bwiadczonych przez nas us\u0142ug, dzi\u0119ki opiniom wystawianym przez Kupuj\u0105cych za po\u015brednictwem serwisu do badania satysfakcji<\/td><\/tr><tr><td colspan=\"2\"><strong>Na jakiej podstawie?<\/strong><\/td><\/tr><tr><td colspan=\"2\">nasz prawnie uzasadniony interes, polegaj\u0105cy na przetwarzaniu Twoich danych w celu prowadzenia bada\u0144 Twojej satysfakcji z naszych us\u0142ug (art. 6 ust. 1 lit. f RODO)<\/td><\/tr><tr><td colspan=\"2\"><strong>Jak d\u0142ugo?<\/strong><\/td><\/tr><tr><td colspan=\"2\">je\u015bli nie wyrazisz swojej opinii &#8211; przez czas wynosz\u0105cy 30 dni od dokonania przez Ciebie zakupu lub do momentu, w kt\u00f3rym uwzgl\u0119dnimy Tw\u00f3j sprzeciw wobec przetwarzania; je\u015bli natomiast wyrazisz swoj\u0105 opini\u0119 &#8211; do momentu jej usuni\u0119cia lub do momentu, w kt\u00f3rym uwzgl\u0119dnimy Tw\u00f3j sprzeciw wobec przetwarzania*<\/td><\/tr><tr><td colspan=\"2\">ponadto, Twoje dane b\u0119d\u0105 przetwarzane do up\u0142ywu okresu, w kt\u00f3rym mo\u017cliwe jest dochodzenie roszcze\u0144 &#8211; przez Ciebie lub przez nas(wi\u0119cej informacji na ten temat znajdziesz w ostatniej tabeli tej sekcji)<\/td><\/tr><tr><td colspan=\"2\"><strong>Co si\u0119 stanie, je\u015bli nie podasz danych?<\/strong><\/td><\/tr><tr><td colspan=\"2\">nie uwzgl\u0119dnimy Twojej opinii dotycz\u0105cej naszego Sklepu w pracach nad jego dalszym rozwojem<\/td><\/tr><\/tbody><\/table><\/figure>\n\n\n\n<p>* w zale\u017cno\u015bci od tego, kt\u00f3re ma zastosowanie w danym przypadku i kt\u00f3re nast\u0105pi najwcze\u015bniej<\/p>\n\n\n\n<h3 class=\"wp-block-heading\"><strong>3. Za\u0142o\u017cenie konta w Sklepie<\/strong><\/h3>\n\n\n\n<figure class=\"wp-block-table\"><table class=\"has-fixed-layout\"><tbody><tr><td><strong>W jakim celu?<\/strong><\/td><\/tr><tr><td>realizacja umowy o \u015bwiadczenie us\u0142ugi prowadzenia konta w Sklepie<\/td><\/tr><tr><td><strong>Na jakiej podstawie?<\/strong><\/td><\/tr><tr><td>umowa o \u015bwiadczenie us\u0142ug (art. 6 ust. 1 lit. b RODO)<\/td><\/tr><tr><td><strong>Jak d\u0142ugo?<\/strong><\/td><\/tr><tr><td>do momentu, w kt\u00f3rym konto zostanie usuni\u0119te przez Ciebie lub przez nas na Twoje \u017c\u0105danie<\/td><\/tr><tr><td>ponadto, Twoje dane b\u0119d\u0105 przetwarzane do up\u0142ywu okresu, w kt\u00f3rym mo\u017cliwe jest dochodzenie roszcze\u0144 \u2013 przez Ciebie lub przez nas(wi\u0119cej informacji na ten temat znajdziesz w ostatniej tabeli tej sekcji)<\/td><\/tr><tr><td><strong>Co si\u0119 stanie, je\u015bli nie podasz danych?<\/strong><\/td><\/tr><tr><td>nie b\u0119dziesz mie\u0107 mo\u017cliwo\u015bci za\u0142o\u017cenia konta i korzystania z jego funkcji, takich jak przegl\u0105danie historii zam\u00f3wie\u0144 czy sprawdzenie statusu zam\u00f3wienia<\/td><\/tr><\/tbody><\/table><\/figure>\n\n\n\n<h3 class=\"wp-block-heading\"><strong>4. Nawi\u0105zanie z nami kontaktu (np. w celu zadania pytania)<\/strong><\/h3>\n\n\n\n<figure class=\"wp-block-table\"><table class=\"has-fixed-layout\"><tbody><tr><td colspan=\"2\"><strong>W jakim celu?<\/strong><\/td><\/tr><tr><td colspan=\"2\">obs\u0142uga Twoich zapyta\u0144 lub zg\u0142osze\u0144<\/td><\/tr><tr><td colspan=\"2\"><strong>Na jakiej podstawie?<\/strong><\/td><\/tr><tr><td>umowa lub dzia\u0142ania podejmowane na Twoje \u017c\u0105danie, zmierzaj\u0105ce do jej zawarcia (art. 6 ust. 1 lit. b RODO) \u2013 w przypadku, gdy Twoje zapytanie lub zg\u0142oszenie dotyczy umowy, kt\u00f3rej jeste\u015bmy lub mo\u017cemy by\u0107 stron\u0105<\/td><td>nasz prawnie uzasadniony interes, polegaj\u0105cy na przetwarzaniu Twoich danych w celu prowadzenia z Tob\u0105 komunikacji (art. 6 ust. 1 lit. f RODO) \u2013 je\u017celi Twoje zapytanie lub zg\u0142oszenie nie ma zwi\u0105zku z umow\u0105<\/td><\/tr><tr><td colspan=\"2\"><strong>Jak d\u0142ugo?<\/strong><\/td><\/tr><tr><td>przez czas trwania wi\u0105\u017c\u0105cej nas umowy lub \u2013 je\u015bli umowa nie zostanie zawarta &#8211; do up\u0142ywu okresu dochodzenia roszcze\u0144 \u2013 zobacz ostatni\u0105 tabel\u0119 tej sekcji*<\/td><td>do up\u0142ywu okresu dochodzenia roszcze\u0144 \u2013 zobacz ostatni\u0105 tabel\u0119 tej sekcji &#8211; lub do momentu, w kt\u00f3rym uwzgl\u0119dnimy Tw\u00f3j sprzeciw wobec przetwarzania*<\/td><\/tr><tr><td colspan=\"2\">ponadto, Twoje dane b\u0119d\u0105 przetwarzane do up\u0142ywu okresu, w kt\u00f3rym mo\u017cliwe jest dochodzenie roszcze\u0144 \u2013 przez Ciebie lub przez nas(wi\u0119cej informacji na ten temat znajdziesz w ostatniej tabeli tej sekcji)<\/td><\/tr><tr><td colspan=\"2\"><strong>Co si\u0119 stanie, je\u015bli nie podasz danych?<\/strong><\/td><\/tr><tr><td colspan=\"2\">nie b\u0119dziemy mieli mo\u017cliwo\u015bci udzielenia odpowiedzi na Twoje zapytanie lub zg\u0142oszenie<\/td><\/tr><\/tbody><\/table><\/figure>\n\n\n\n<p>* w zale\u017cno\u015bci od tego, kt\u00f3re ma zastosowanie w danym przypadku i kt\u00f3re nast\u0105pi najwcze\u015bniej<\/p>\n\n\n\n<h3 class=\"wp-block-heading\"><strong>5. Ustawienia przegl\u0105darki lub inne zbli\u017cone dzia\u0142anie zezwalaj\u0105ce na prowadzenie dzia\u0142a\u0144 marketingowych<\/strong><\/h3>\n\n\n\n<figure class=\"wp-block-table\"><table class=\"has-fixed-layout\"><tbody><tr><td><strong>W jakim celu?<\/strong><\/td><\/tr><tr><td>marketing bezpo\u015bredni, polegaj\u0105cy na wy\u015bwietlaniu spersonalizowanych reklam(wi\u0119cej na ten temat przeczytasz w sekcji \u201eProfilowanie\u201d i \u201ePliki cookies\u201d Polityki prywatno\u015bci).<\/td><\/tr><tr><td><strong>Na jakiej podstawie?<\/strong><\/td><\/tr><tr><td>nasz prawnie uzasadniony interes, polegaj\u0105cy na przetwarzaniu danych w podanym wy\u017cej celu (art. 6 ust. 1 lit. f RODO)<\/td><\/tr><tr><td><strong>Jak d\u0142ugo?<\/strong><\/td><\/tr><tr><td>do momentu wyga\u015bni\u0119cia wa\u017cno\u015bci lub usuni\u0119cia przez Ciebie plik\u00f3w cookies, wykorzystywanych do cel\u00f3w marketingowych*<\/td><\/tr><tr><td><strong>Co si\u0119 stanie, je\u015bli nie podasz danych?<\/strong><\/td><\/tr><tr><td>nie b\u0119dziesz otrzymywa\u0107 sugestii produkt\u00f3w lub us\u0142ug, kt\u00f3rymi mo\u017cesz by\u0107 zainteresowany<\/td><\/tr><\/tbody><\/table><\/figure>\n\n\n\n<p>* w zale\u017cno\u015bci od tego, kt\u00f3re ma zastosowanie w danym przypadku i kt\u00f3re nast\u0105pi najwcze\u015bniej<\/p>\n\n\n\n<h3 class=\"wp-block-heading\"><strong>6. Ustawienia przegl\u0105darki lub inne zbli\u017cone dzia\u0142anie zezwalaj\u0105ce na prowadzenie dzia\u0142a\u0144 analitycznych<\/strong><\/h3>\n\n\n\n<figure class=\"wp-block-table\"><table class=\"has-fixed-layout\"><tbody><tr><td colspan=\"2\"><strong>W jakim celu?<\/strong><\/td><\/tr><tr><td colspan=\"2\">analiza sposobu korzystania i poruszania si\u0119 przez Ciebie po stronie internetowej Sklepu, celem dostosowania strony do potrzeb i zachowania U\u017cytkownik\u00f3w(wi\u0119cej na ten temat przeczytasz w sekcji \u201eDzia\u0142ania analityczne\u201d i \u201ePliki cookies\u201d Polityki prywatno\u015bci)<\/td><\/tr><tr><td colspan=\"2\"><strong>Na jakiej podstawie?<\/strong><\/td><\/tr><tr><td colspan=\"2\">nasz prawnie uzasadniony interes, polegaj\u0105cy na przetwarzaniu danych w podanym wy\u017cej celu (art. 6 ust. 1 lit. f RODO)<\/td><\/tr><tr><td colspan=\"2\"><strong>Jak d\u0142ugo?<\/strong><\/td><\/tr><tr><td colspan=\"2\">do momentu wyga\u015bni\u0119cia wa\u017cno\u015bci lub usuni\u0119cia przez Ciebie plik\u00f3w cookies, wykorzystywanych do cel\u00f3w analitycznych*<\/td><\/tr><tr><td colspan=\"2\"><strong>Co si\u0119 stanie, je\u015bli nie podasz danych?<\/strong><\/td><\/tr><tr><td colspan=\"2\">nie uwzgl\u0119dnimy Twoich preferencji dotycz\u0105cych korzystania ze Sklepu w pracach nad jego rozwojem<\/td><\/tr><\/tbody><\/table><\/figure>\n\n\n\n<p>* w zale\u017cno\u015bci od tego, kt\u00f3re ma zastosowanie w danym przypadku i kt\u00f3re nast\u0105pi najwcze\u015bniej<\/p>\n\n\n\n<h3 class=\"wp-block-heading\"><strong>7. Wyra\u017cenie przez Ciebie zgody na otrzymywanie od nas tre\u015bci marketingowych (np. informacji o ofertach specjalnych)<\/strong><\/h3>\n\n\n\n<figure class=\"wp-block-table\"><table class=\"has-fixed-layout\"><tbody><tr><td><strong>W jakim celu?<\/strong><\/td><\/tr><tr><td>wysy\u0142ka informacji marketingowych, zw\u0142aszcza ofert specjalnych<\/td><\/tr><tr><td><strong>Na jakiej podstawie?<\/strong><\/td><\/tr><tr><td>Twoja zgoda na nasze dzia\u0142ania marketingowe (art. 6 ust. 1 lit. a RODO)<\/td><\/tr><tr><td><strong>Jak d\u0142ugo?<\/strong><\/td><\/tr><tr><td>do momentu wycofania przez Ciebie zgody \u2013 pami\u0119taj, w ka\u017cdej chwili mo\u017cesz wycofa\u0107 zgod\u0119. Przetwarzanie danych do momentu cofni\u0119cia przez Ciebie zgody pozostaje zgodne z prawem.<\/td><\/tr><tr><td>ponadto, Twoje dane b\u0119d\u0105 przetwarzane do up\u0142ywu okresu, w kt\u00f3rym mo\u017cliwe jest dochodzenie roszcze\u0144 \u2013 przez Ciebie lub przez nas(wi\u0119cej informacji na ten temat znajdziesz w ostatniej tabeli tej sekcji)<\/td><\/tr><tr><td><strong>Co si\u0119 stanie, je\u015bli nie podasz danych?<\/strong><\/td><\/tr><tr><td>nie b\u0119dziesz otrzymywa\u0107 naszych materia\u0142\u00f3w marketingowych, w tym informacji o naszych ofertach specjalnych<\/td><\/tr><\/tbody><\/table><\/figure>\n\n\n\n<h3 class=\"wp-block-heading\"><strong>8. Subskrypcja newslettera<\/strong><\/h3>\n\n\n\n<figure class=\"wp-block-table\"><table class=\"has-fixed-layout\"><tbody><tr><td colspan=\"2\"><strong>W jakim celu?<\/strong><\/td><\/tr><tr><td colspan=\"2\">wysy\u0142anie newslettera<\/td><\/tr><tr><td colspan=\"2\"><strong>Na jakiej podstawie?<\/strong><\/td><\/tr><tr><td colspan=\"2\">umowa o \u015bwiadczenie us\u0142ugi wysy\u0142ki newslettera (art. 6 ust. 1 lit. b RODO)<\/td><\/tr><tr><td colspan=\"2\"><strong>Jak d\u0142ugo?<\/strong><\/td><\/tr><tr><td colspan=\"2\">do momentu, w kt\u00f3rym wypiszesz si\u0119 z naszego newslettera<\/td><\/tr><tr><td colspan=\"2\">ponadto, Twoje dane b\u0119d\u0105 przetwarzane do up\u0142ywu okresu, w kt\u00f3rym mo\u017cliwe jest dochodzenie roszcze\u0144 \u2013 przez Ciebie lub przez nas(wi\u0119cej informacji na ten temat znajdziesz w ostatniej tabeli tej sekcji)<\/td><\/tr><tr><td colspan=\"2\"><strong>Co si\u0119 stanie, je\u015bli nie podasz danych?<\/strong><\/td><\/tr><tr><td colspan=\"2\">nie b\u0119dziesz mie\u0107 mo\u017cliwo\u015bci otrzymywania informacji dotycz\u0105cych Sklepu i naszych us\u0142ug<\/td><\/tr><\/tbody><\/table><\/figure>\n\n\n\n<h3 class=\"wp-block-heading\"><strong>9. Podj\u0119cie dzia\u0142ania lub zaniechanie mog\u0105ce powodowa\u0107 powstanie roszcze\u0144 zwi\u0105zanych ze Sklepem lub naszymi us\u0142ugami<\/strong><\/h3>\n\n\n\n<figure class=\"wp-block-table\"><table class=\"has-fixed-layout\"><tbody><tr><td colspan=\"2\"><strong>W jakim celu?<\/strong><\/td><\/tr><tr><td colspan=\"2\">ustalenie, dochodzenie lub obrona ewentualnych roszcze\u0144, zwi\u0105zanych z zawart\u0105 umow\u0105 lub \u015bwiadczonymi us\u0142ugami<\/td><\/tr><tr><td colspan=\"2\"><strong>Na jakiej podstawie?<\/strong><\/td><\/tr><tr><td colspan=\"2\">nasz prawnie uzasadniony interes, polegaj\u0105cy na przetwarzaniu danych osobowych we wskazanym powy\u017cej celu (art. 6 ust. 1 lit. f RODO)<\/td><\/tr><tr><td colspan=\"2\"><strong>Jak d\u0142ugo?<\/strong><\/td><\/tr><tr><td colspan=\"2\">do up\u0142ywu okresu przedawnienia roszcze\u0144 lub do momentu, w kt\u00f3rym uwzgl\u0119dnimy Tw\u00f3j sprzeciw wobec przetwarzania*<\/td><\/tr><tr><td colspan=\"2\"><strong>Co si\u0119 stanie, je\u015bli nie podasz danych?<\/strong><\/td><\/tr><tr><td colspan=\"2\">brak mo\u017cliwo\u015bci ustalenia, dochodzenia lub obrony roszcze\u0144<\/td><\/tr><\/tbody><\/table><\/figure>\n\n\n\n<p>* w zale\u017cno\u015bci od tego, kt\u00f3re ma zastosowanie w danym przypadku i kt\u00f3re nast\u0105pi najwcze\u015bniej<\/p>\n\n\n\n<h2 class=\"wp-block-heading\">PROFILOWANIE<\/h2>\n\n\n\n<p>W ramach Sklepu dokonujemy profilowania \u2013 w odniesieniu do Ciebie b\u0119dzie to mia\u0142o miejsce, je\u015bli zezwolisz na takie dzia\u0142ania. Profilowanie to polega na automatycznej ocenie, jakimi produktami lub us\u0142ugami mo\u017cesz by\u0107 zainteresowany, wykorzystuj\u0105c do tego informacje o wy\u015bwietlanych przez Ciebie tre\u015bciach. Dzi\u0119ki temu, reklamy produkt\u00f3w lub us\u0142ug wy\u015bwietlane w ramach us\u0142ug internetowych, z kt\u00f3rych korzystasz, b\u0119d\u0105 bardziej dostosowane do Ciebie i Twoich potrzeb.<\/p>\n\n\n\n<p>Profilowanie, kt\u00f3rego dokonujemy, nie skutkuje podejmowaniem decyzji wywo\u0142uj\u0105cych wobec Ciebie skutki prawne lub wp\u0142ywaj\u0105cych na Ciebie w podobnie istotny spos\u00f3b.<\/p>\n\n\n\n<h2 class=\"wp-block-heading\">DZIA\u0141ANIA ANALITYCZNE<\/h2>\n\n\n\n<p>W ramach Sklepu prowadzimy dzia\u0142ania analityczne, maj\u0105ce na celu zwi\u0119kszenie jego intuicyjno\u015bci i przyst\u0119pno\u015bci \u2013 w odniesieniu do Ciebie b\u0119dzie to mia\u0142o miejsce, je\u015bli zezwolisz na takie dzia\u0142ania. W ramach analizy b\u0119dziemy bra\u0107 pod uwag\u0119 spos\u00f3b, w jaki poruszasz si\u0119 po Sklepie \u2013 a wi\u0119c np. to, ile czasu sp\u0119dzasz na danej podstronie, czy w kt\u00f3re miejsca w Sklepie klikasz. Dzi\u0119ki temu mo\u017cemy dostosowa\u0107 uk\u0142ad i wygl\u0105d Sklepu oraz zamieszczane w nim tre\u015bci do potrzeb U\u017cytkownik\u00f3w.<br><\/p>\n\n\n\n<h2 class=\"wp-block-heading\">BEZPIECZE\u0143STWO DANYCH<\/h2>\n\n\n\n<p>Przetwarzaj\u0105c Twoje dane osobowe stosujemy \u015brodki organizacyjne i techniczne zgodne z w\u0142a\u015bciwymi przepisami prawa, w tym stosujemy szyfrowanie po\u0142\u0105czenia za pomoc\u0105 certyfikatu SSL.<\/p>\n\n\n\n<h2 class=\"wp-block-heading\">PLIKI COOKIES<\/h2>\n\n\n\n<p>Nasz Sklep, jak wi\u0119kszo\u015b\u0107 witryn internetowych, korzysta z tzw. plik\u00f3w cookies (ciasteczek). Pliki te:<\/p>\n\n\n\n<ul class=\"wp-block-list\">\n<li>s\u0105 zapisywane w pami\u0119ci Twojego urz\u0105dzenia (komputera, telefonu, itd.);<\/li>\n\n\n\n<li>nie powoduj\u0105 zmian w ustawieniach Twojego urz\u0105dzenia.<\/li>\n<\/ul>\n\n\n\n<p>W tym Sklepie ciasteczka wykorzystywane s\u0105 w celach:<\/p>\n\n\n\n<ul class=\"wp-block-list\">\n<li>zapami\u0119tywania Twojej sesji<\/li>\n\n\n\n<li>statystycznych<\/li>\n\n\n\n<li>marketingowych<\/li>\n\n\n\n<li>udost\u0119pniania funkcji Sklepu<\/li>\n<\/ul>\n\n\n\n<p>Aby dowiedzie\u0107 si\u0119, jak zarz\u0105dza\u0107 plikami cookies, w tym jak wy\u0142\u0105czy\u0107 ich obs\u0142ug\u0119 w Twojej przegl\u0105darce, mo\u017cesz skorzysta\u0107 z pliku pomocy Twojej przegl\u0105darki. Z informacjami na ten temat mo\u017cesz zapozna\u0107 si\u0119 wciskaj\u0105c klawisz F1 w przegl\u0105darce. Ponadto odpowiednie wskaz\u00f3wki znajdziesz na nast\u0119puj\u0105cych podstronach, w zale\u017cno\u015bci od przegl\u0105darki, kt\u00f3rej u\u017cywasz:<\/p>\n\n\n\n<ul class=\"wp-block-list\">\n<li><a href=\"https:\/\/support.mozilla.org\/pl\/kb\/wzmocniona-ochrona-przed-sledzeniem-firefox-desktop?redirectlocale=pl&amp;redirectslug=W%C5%82%C4%85czanie+i+wy%C5%82%C4%85czanie+obs%C5%82ugi+ciasteczek\">Firefox<\/a><\/li>\n\n\n\n<li><a href=\"https:\/\/support.google.com\/chrome\/answer\/95647?hl=pl\">Chrome<\/a><\/li>\n\n\n\n<li><a href=\"https:\/\/support.apple.com\/pl-pl\/guide\/safari\/sfri11471\/mac\">Safari<\/a><\/li>\n\n\n\n<li><a href=\"https:\/\/support.microsoft.com\/pl-pl\/help\/4468242\/microsoft-edge-browsing-data-and-privacy\">Internet Explorer \/ Microsoft Edge<\/a><\/li>\n<\/ul>\n\n\n\n<p>Poni\u017cej znajdziesz informacje na temat funkcji przetwarzanych przez nas plik\u00f3w cookie oraz ich okresie wa\u017cno\u015bci.<\/p>\n\n\n\n<figure class=\"wp-block-table\"><table class=\"has-fixed-layout\"><tbody><tr><td><strong>nazwa pliku cookie<\/strong><\/td><td><strong>okres wa\u017cno\u015bci pliku cookie<\/strong><\/td><td><strong>funkcja pliku cookie<\/strong><\/td><\/tr><tr><td>cookies_gresoutlet24<\/td><td>czas trwania sesji<\/td><td>\u015bledzenie ruchu w celach statystycznych<\/td><\/tr><\/tbody><\/table><\/figure>\n\n\n\n<p>Korzystaj\u0105c z odpowiednich opcji Twojej przegl\u0105darki, w ka\u017cdej chwili mo\u017cesz:<\/p>\n\n\n\n<ul class=\"wp-block-list\">\n<li>usun\u0105\u0107 pliki cookies,<\/li>\n\n\n\n<li>blokowa\u0107 wykorzystanie plik\u00f3w cookies w przysz\u0142o\u015bci.<\/li>\n<\/ul>\n\n\n\n<p>W takich przypadkach nie b\u0119dziemy ich ju\u017c d\u0142u\u017cej przetwarza\u0107.<\/p>\n\n\n\n<p>Wi\u0119cej informacji o plikach cookies znajdziesz w <a href=\"https:\/\/pl.wikipedia.org\/wiki\/HTTP_cookie\">Wikipedii<\/a>.<\/p>\n\n\n\n<h2 class=\"wp-block-heading\">US\u0141UGI ZEWN\u0118TRZNE \/ ODBIORCY DANYCH<\/h2>\n\n\n\n<p>Korzystamy z us\u0142ug podmiot\u00f3w zewn\u0119trznych, kt\u00f3re wspieraj\u0105 nas w prowadzeniu dzia\u0142alno\u015bci. Powierzamy im do przetwarzania Twoje dane \u2013 podmioty te przetwarzaj\u0105 dane wy\u0142\u0105cznie na nasze udokumentowane polecenie.<\/p>\n\n\n\n<p>Poni\u017cej znajdziesz list\u0119 odbiorc\u00f3w Twoich danych:<\/p>\n\n\n\n<figure class=\"wp-block-table\"><table class=\"has-fixed-layout\"><tbody><tr><td><strong>DZIA\u0141ANIE<\/strong><\/td><td><strong>ODBIORCY DANYCH<\/strong><\/td><td><strong>PRZEKAZANIE DANYCH POZA UNI\u0118 EUROPEJSK\u0104<\/strong><\/td><\/tr><tr><td><strong>ka\u017cde dzia\u0142anie w zwi\u0105zku ze Sklepem<\/strong><\/td><td>operator internetowej platformy handlowej<\/td><td>nie ma miejsca<\/td><\/tr><tr><td rowspan=\"6\"><strong>z\u0142o\u017cenie zam\u00f3wienia w Sklepie<\/strong><\/td><td>dostawca p\u0142atno\u015bci<\/td><td>nie ma miejsca<\/td><\/tr><tr><td>podmiot zapewniaj\u0105cy dostaw\u0119 towaru \u2013 chyba \u017ce wybra\u0142e\u015b opcj\u0119 odbioru osobistego<\/td><td>nie ma miejsca<\/td><\/tr><tr><td>dostawca oprogramowania u\u0142atwiaj\u0105cego prowadzenie dzia\u0142alno\u015bci (np. oprogramowanie ksi\u0119gowe)<\/td><td>nie ma miejsca<\/td><\/tr><tr><td>hurtownia<\/td><td>nie ma miejsca<\/td><\/tr><tr><td>biuro rachunkowe<\/td><td>nie ma miejsca<\/td><\/tr><tr><td>podmiot zapewniaj\u0105cy system ratalny<\/td><td>nie ma miejsca<\/td><\/tr><\/tbody><\/table><\/figure>\n\n\n\n<p>A ponadto:<\/p>\n\n\n\n<p>odpowiednie organy publiczne w zakresie, w jakim jeste\u015bmy zobowi\u0105zani do udost\u0119pnienia im danych.<\/p>\n\n\n\n<h2 class=\"wp-block-heading\">Gdzie wys\u0142amy twoje dane<\/h2>\n\n\n\n<p>Komentarze go\u015bci mog\u0105 by\u0107 sprawdzane za pomoc\u0105 automatycznej us\u0142ugi wykrywania spamu.<\/p>\n\n\n\n<p><\/p>\n","protected":false},"excerpt":{"rendered":"<p>DROGI U\u017bYTKOWNIKU! Dbamy o Twoj\u0105 prywatno\u015b\u0107 i chcemy, aby\u015b w czasie korzystania z naszych us\u0142ug czu\u0142 si\u0119 komfortowo. Dlatego te\u017c poni\u017cej prezentujemy Ci najwa\u017cniejsze informacje o zasadach przetwarzania przez nas Twoich danych osobowych oraz plikach cookies, kt\u00f3re s\u0105 wykorzystywane przez nasz Sklep. Informacje te zosta\u0142y przygotowane z uwzgl\u0119dnieniem RODO, czyli og\u00f3lnego rozporz\u0105dzenia o ochronie danych. ADMINISTRATOR DANYCH OSOBOWYCH PURE OCEAN SP\u00d3\u0141KA Z OGRANICZON\u0104 ODPOWIEDZIALNO\u015aCI\u0104 z siedzib\u0105 pod adresem ul. Gda\u0144ska 36 A, 84-300 L\u0119bork, wpisana do Krajowego Rejestru S\u0105dowego &#8211; rejestru przedsi\u0119biorc\u00f3w przez S\u0104D REJONOWY GDA\u0143SK-P\u00d3\u0141NOC W GDA\u0143SKU, VIII WYDZIA\u0141&hellip;<\/p>\n","protected":false},"author":1,"featured_media":0,"parent":0,"menu_order":0,"comment_status":"closed","ping_status":"open","template":"","meta":{"footnotes":""},"class_list":["post-3","page","type-page","status-publish","hentry"],"jetpack_sharing_enabled":true,"_links":{"self":[{"href":"https:\/\/gresoutlet24.com\/index.php?rest_route=\/wp\/v2\/pages\/3","targetHints":{"allow":["GET"]}}],"collection":[{"href":"https:\/\/gresoutlet24.com\/index.php?rest_route=\/wp\/v2\/pages"}],"about":[{"href":"https:\/\/gresoutlet24.com\/index.php?rest_route=\/wp\/v2\/types\/page"}],"author":[{"embeddable":true,"href":"https:\/\/gresoutlet24.com\/index.php?rest_route=\/wp\/v2\/users\/1"}],"replies":[{"embeddable":true,"href":"https:\/\/gresoutlet24.com\/index.php?rest_route=%2Fwp%2Fv2%2Fcomments&post=3"}],"version-history":[{"count":1,"href":"https:\/\/gresoutlet24.com\/index.php?rest_route=\/wp\/v2\/pages\/3\/revisions"}],"predecessor-version":[{"id":18,"href":"https:\/\/gresoutlet24.com\/index.php?rest_route=\/wp\/v2\/pages\/3\/revisions\/18"}],"wp:attachment":[{"href":"https:\/\/gresoutlet24.com\/index.php?rest_route=%2Fwp%2Fv2%2Fmedia&parent=3"}],"curies":[{"name":"wp","href":"https:\/\/api.w.org\/{rel}","templated":true}]}}